{"id":229810,"date":"2025-11-05T12:29:29","date_gmt":"2025-11-05T11:29:29","guid":{"rendered":"https:\/\/andrich.eu\/?page_id=229810"},"modified":"2025-11-05T12:29:55","modified_gmt":"2025-11-05T11:29:55","slug":"datenschutzerklaerung","status":"publish","type":"page","link":"https:\/\/andrich.eu\/?page_id=229810","title":{"rendered":"Datenschutzerkl\u00e4rung"},"content":{"rendered":"<p>[et_pb_section fb_built=&#8220;1&#8243; theme_builder_area=&#8220;post_content&#8220; _builder_version=&#8220;4.27.0&#8243; _module_preset=&#8220;default&#8220;][et_pb_row _builder_version=&#8220;4.27.0&#8243; _module_preset=&#8220;default&#8220; theme_builder_area=&#8220;post_content&#8220;][et_pb_column _builder_version=&#8220;4.27.0&#8243; _module_preset=&#8220;default&#8220; type=&#8220;4_4&#8243; theme_builder_area=&#8220;post_content&#8220;][et_pb_text _builder_version=&#8220;4.27.0&#8243; _module_preset=&#8220;default&#8220; theme_builder_area=&#8220;post_content&#8220; hover_enabled=&#8220;0&#8243; sticky_enabled=&#8220;0&#8243;]<\/p>\n<h2 data-start=\"1913\" data-end=\"1940\"><strong data-start=\"1916\" data-end=\"1940\">Datenschutzerkl\u00e4rung<\/strong><\/h2>\n<p data-start=\"1942\" data-end=\"2179\"><strong data-start=\"1942\" data-end=\"1974\">Verantwortliche gem\u00e4\u00df DSGVO:<\/strong><br data-start=\"1974\" data-end=\"1977\" \/>Ortwin &amp; Selina Andrich<br data-start=\"2000\" data-end=\"2003\" \/>Versicherungsmakler | Vorsorgeberater<br data-start=\"2040\" data-end=\"2043\" \/>Salzburger Stra\u00dfe 49, 5500 Bischofshofen<br data-start=\"2083\" data-end=\"2086\" \/>E-Mail: <a data-start=\"2094\" data-end=\"2135\" class=\"decorated-link cursor-pointer\" rel=\"noopener\">ortwin@qunds.at<span aria-hidden=\"true\" class=\"ms-0.5 inline-block align-middle leading-none\"><svg width=\"20\" height=\"20\" viewbox=\"0 0 20 20\" fill=\"currentColor\" xmlns=\"http:\/\/www.w3.org\/2000\/svg\" data-rtl-flip=\"\" class=\"block h-[0.75em] w-[0.75em] stroke-current stroke-[0.75]\"><path d=\"M14.3349 13.3301V6.60645L5.47065 15.4707C5.21095 15.7304 4.78895 15.7304 4.52925 15.4707C4.26955 15.211 4.26955 14.789 4.52925 14.5293L13.3935 5.66504H6.66011C6.29284 5.66504 5.99507 5.36727 5.99507 5C5.99507 4.63273 6.29284 4.33496 6.66011 4.33496H14.9999L15.1337 4.34863C15.4369 4.41057 15.665 4.67857 15.665 5V13.3301C15.6649 13.6973 15.3672 13.9951 14.9999 13.9951C14.6327 13.9951 14.335 13.6973 14.3349 13.3301Z\"><\/path><\/svg><\/span><\/a> | <a data-start=\"2138\" data-end=\"2179\" class=\"decorated-link cursor-pointer\" rel=\"noopener\">selina@qunds.at<span aria-hidden=\"true\" class=\"ms-0.5 inline-block align-middle leading-none\"><svg width=\"20\" height=\"20\" viewbox=\"0 0 20 20\" fill=\"currentColor\" xmlns=\"http:\/\/www.w3.org\/2000\/svg\" data-rtl-flip=\"\" class=\"block h-[0.75em] w-[0.75em] stroke-current stroke-[0.75]\"><path d=\"M14.3349 13.3301V6.60645L5.47065 15.4707C5.21095 15.7304 4.78895 15.7304 4.52925 15.4707C4.26955 15.211 4.26955 14.789 4.52925 14.5293L13.3935 5.66504H6.66011C6.29284 5.66504 5.99507 5.36727 5.99507 5C5.99507 4.63273 6.29284 4.33496 6.66011 4.33496H14.9999L15.1337 4.34863C15.4369 4.41057 15.665 4.67857 15.665 5V13.3301C15.6649 13.6973 15.3672 13.9951 14.9999 13.9951C14.6327 13.9951 14.335 13.6973 14.3349 13.3301Z\"><\/path><\/svg><\/span><\/a><\/p>\n<p data-start=\"2181\" data-end=\"2288\">Ein Datenschutzbeauftragter ist nicht bestellt, da die gesetzlichen Voraussetzungen hierzu nicht vorliegen.<\/p>\n<h3 data-start=\"2290\" data-end=\"2336\"><strong data-start=\"2294\" data-end=\"2336\">Rechtsgrundlagen der Datenverarbeitung<\/strong><\/h3>\n<p data-start=\"2337\" data-end=\"2448\">Ihre personenbezogenen Daten werden ausschlie\u00dflich auf Basis der DSGVO und des DSG verarbeitet, insbesondere:<\/p>\n<ul data-start=\"2449\" data-end=\"2693\">\n<li data-start=\"2449\" data-end=\"2498\">\n<p data-start=\"2451\" data-end=\"2498\">zur Vertragserf\u00fcllung (Art 6 Abs. 1 b DSGVO),<\/p>\n<\/li>\n<li data-start=\"2499\" data-end=\"2568\">\n<p data-start=\"2501\" data-end=\"2568\">zur Erf\u00fcllung rechtlicher Verpflichtungen (Art 6 Abs. 1 c DSGVO),<\/p>\n<\/li>\n<li data-start=\"2569\" data-end=\"2629\">\n<p data-start=\"2571\" data-end=\"2629\">auf Grundlage Ihrer Einwilligung (Art 6 Abs. 1 a DSGVO),<\/p>\n<\/li>\n<li data-start=\"2630\" data-end=\"2693\">\n<p data-start=\"2632\" data-end=\"2693\">zur Wahrung berechtigter Interessen (Art 6 Abs. 1 f DSGVO).<\/p>\n<\/li>\n<\/ul>\n<h3 data-start=\"2695\" data-end=\"2730\"><strong data-start=\"2699\" data-end=\"2730\">Zweck der Datenverarbeitung<\/strong><\/h3>\n<p data-start=\"2731\" data-end=\"2791\">Ihre Daten werden zur Durchf\u00fchrung unserer T\u00e4tigkeiten als<\/p>\n<ul data-start=\"2792\" data-end=\"2910\">\n<li data-start=\"2792\" data-end=\"2860\">\n<p data-start=\"2794\" data-end=\"2860\">Versicherungsmakler und Berater in Versicherungsangelegenheiten,<\/p>\n<\/li>\n<li data-start=\"2861\" data-end=\"2910\">\n<p data-start=\"2863\" data-end=\"2910\">Gewerbliche Verm\u00f6gensberatung,<br data-start=\"2893\" data-end=\"2896\" \/>verarbeitet.<\/p>\n<\/li>\n<\/ul>\n<p data-start=\"2912\" data-end=\"3061\">Eine Weitergabe erfolgt ausschlie\u00dflich, soweit dies zur Vertragserf\u00fcllung, zu gesetzlichen Pflichten oder auf Basis Ihrer Einwilligung notwendig ist.<\/p>\n<h3 data-start=\"3063\" data-end=\"3084\"><strong data-start=\"3067\" data-end=\"3084\">Speicherdauer<\/strong><\/h3>\n<p data-start=\"3085\" data-end=\"3330\">Daten werden f\u00fcr die Dauer der Gesch\u00e4ftsbeziehung und gem\u00e4\u00df gesetzlicher Aufbewahrungsfristen (idR 7 Jahre nach \u00a7 132 BAO) gespeichert.<br data-start=\"3220\" data-end=\"3223\" \/>Daten von Interessenten werden sp\u00e4testens nach 2 Jahren gel\u00f6scht, sofern keine Gesch\u00e4ftsbeziehung entsteht.<\/p>\n<h3 data-start=\"3332\" data-end=\"3357\"><strong data-start=\"3336\" data-end=\"3357\">Betroffenenrechte<\/strong><\/h3>\n<p data-start=\"3358\" data-end=\"3650\">Sie haben das Recht auf Auskunft, Berichtigung, L\u00f6schung, Einschr\u00e4nkung, Daten\u00fcbertragbarkeit und Widerspruch gem\u00e4\u00df Art. 15\u201321 DSGVO.<br data-start=\"3491\" data-end=\"3494\" \/>Wenden Sie sich dazu an uns oder an die <strong data-start=\"3534\" data-end=\"3572\">\u00f6sterreichische Datenschutzbeh\u00f6rde<\/strong>, Barichgasse 40\u201342, 1030 Wien, E-Mail: <a data-start=\"3612\" data-end=\"3649\" class=\"decorated-link cursor-pointer\" rel=\"noopener\">dsb@dsb.gv.at<span aria-hidden=\"true\" class=\"ms-0.5 inline-block align-middle leading-none\"><svg width=\"20\" height=\"20\" viewbox=\"0 0 20 20\" fill=\"currentColor\" xmlns=\"http:\/\/www.w3.org\/2000\/svg\" data-rtl-flip=\"\" class=\"block h-[0.75em] w-[0.75em] stroke-current stroke-[0.75]\"><path d=\"M14.3349 13.3301V6.60645L5.47065 15.4707C5.21095 15.7304 4.78895 15.7304 4.52925 15.4707C4.26955 15.211 4.26955 14.789 4.52925 14.5293L13.3935 5.66504H6.66011C6.29284 5.66504 5.99507 5.36727 5.99507 5C5.99507 4.63273 6.29284 4.33496 6.66011 4.33496H14.9999L15.1337 4.34863C15.4369 4.41057 15.665 4.67857 15.665 5V13.3301C15.6649 13.6973 15.3672 13.9951 14.9999 13.9951C14.6327 13.9951 14.335 13.6973 14.3349 13.3301Z\"><\/path><\/svg><\/span><\/a>.<\/p>\n<h3 data-start=\"3652\" data-end=\"3670\"><strong data-start=\"3656\" data-end=\"3670\">Newsletter<\/strong><\/h3>\n<p data-start=\"3671\" data-end=\"3896\">Wenn Sie unseren Newsletter abonnieren, verwenden wir Ihre E-Mail-Adresse ausschlie\u00dflich zum Versand von Informationen \u00fcber unsere Dienstleistungen.<br data-start=\"3819\" data-end=\"3822\" \/>Eine Abmeldung ist jederzeit \u00fcber den Abmeldelink oder per E-Mail m\u00f6glich.<\/p>\n<h3 data-start=\"3898\" data-end=\"3931\"><strong data-start=\"3902\" data-end=\"3931\">Cookies &amp; Website-Analyse<\/strong><\/h3>\n<p data-start=\"3932\" data-end=\"4126\">Unsere Website verwendet ausschlie\u00dflich technisch notwendige Cookies sowie funktionale Dienste zur Wahrung der Benutzerfreundlichkeit. Eine Auswertung personenbezogener Surf-Daten erfolgt nicht.<\/p>\n<h3 data-start=\"4128\" data-end=\"4151\"><strong data-start=\"4132\" data-end=\"4151\">Datensicherheit<\/strong><\/h3>\n<p data-start=\"4152\" data-end=\"4356\">Unsere Systeme sind durch technische und organisatorische Ma\u00dfnahmen gegen unbefugten Zugriff, Verlust oder Missbrauch gesch\u00fctzt. Trotz aller Sorgfalt kann ein vollst\u00e4ndiger Schutz nicht garantiert werden.<\/p>\n<p data-start=\"4358\" data-end=\"4380\"><em data-start=\"4358\" data-end=\"4380\">Stand: November 2025<\/em><\/p>\n<p>[\/et_pb_text][\/et_pb_column][\/et_pb_row][\/et_pb_section]<\/p>\n","protected":false},"excerpt":{"rendered":"<p>Datenschutzerkl\u00e4rung Verantwortliche gem\u00e4\u00df DSGVO:Ortwin &amp; Selina AndrichVersicherungsmakler | VorsorgeberaterSalzburger Stra\u00dfe 49, 5500 BischofshofenE-Mail: ortwin@qunds.at | selina@qunds.at Ein Datenschutzbeauftragter ist nicht bestellt, da die gesetzlichen Voraussetzungen hierzu nicht vorliegen. Rechtsgrundlagen der Datenverarbeitung Ihre personenbezogenen Daten werden ausschlie\u00dflich auf Basis der DSGVO und des DSG verarbeitet, insbesondere: zur Vertragserf\u00fcllung (Art 6 Abs. 1 b DSGVO), zur Erf\u00fcllung [&hellip;]<\/p>\n","protected":false},"author":1,"featured_media":0,"parent":0,"menu_order":0,"comment_status":"closed","ping_status":"closed","template":"","meta":{"_et_pb_use_builder":"on","_et_pb_old_content":"","_et_gb_content_width":"","footnotes":""},"class_list":["post-229810","page","type-page","status-publish","hentry"],"_links":{"self":[{"href":"https:\/\/andrich.eu\/index.php?rest_route=\/wp\/v2\/pages\/229810","targetHints":{"allow":["GET"]}}],"collection":[{"href":"https:\/\/andrich.eu\/index.php?rest_route=\/wp\/v2\/pages"}],"about":[{"href":"https:\/\/andrich.eu\/index.php?rest_route=\/wp\/v2\/types\/page"}],"author":[{"embeddable":true,"href":"https:\/\/andrich.eu\/index.php?rest_route=\/wp\/v2\/users\/1"}],"replies":[{"embeddable":true,"href":"https:\/\/andrich.eu\/index.php?rest_route=%2Fwp%2Fv2%2Fcomments&post=229810"}],"version-history":[{"count":3,"href":"https:\/\/andrich.eu\/index.php?rest_route=\/wp\/v2\/pages\/229810\/revisions"}],"predecessor-version":[{"id":229813,"href":"https:\/\/andrich.eu\/index.php?rest_route=\/wp\/v2\/pages\/229810\/revisions\/229813"}],"wp:attachment":[{"href":"https:\/\/andrich.eu\/index.php?rest_route=%2Fwp%2Fv2%2Fmedia&parent=229810"}],"curies":[{"name":"wp","href":"https:\/\/api.w.org\/{rel}","templated":true}]}}